{"id":461,"date":"2015-03-12T18:53:12","date_gmt":"2015-03-12T17:53:12","guid":{"rendered":"http:\/\/locandadeicomacini.it\/tour-culturale-week-end-natura-e-cultura-2\/"},"modified":"2015-05-31T23:44:05","modified_gmt":"2015-05-31T21:44:05","slug":"tour-culturale-week-end-natura-e-cultura","status":"publish","type":"page","link":"http:\/\/locandadeicomacini.it\/fr\/tour-culturale-week-end-natura-e-cultura\/","title":{"rendered":"Tour Week-end Nature et Culture (rabais voyage)"},"content":{"rendered":"<h1><span style=\"color: #9895b8;\">Week-end Nature et Culture<\/span><\/h1>\n<h3>Tour culturel, du paysage et de l\u2019oenogastronomie<\/h3>\n<p>&nbsp;<\/p>\n<p><strong>O\u00d9: <\/strong>Marche \/ Macerata<\/p>\n<p>San Severino Marche (centre)- Grottes de Sant&#8217;Eustachio &#8211; Camerino &#8211; Lame Rosse \u2013 Elcito &#8211; Monte San Vicino &#8211; Matelica.<\/p>\n<p><strong>DUREE:\u00a0<\/strong>3 jours \/ 4 nuits<\/p>\n<p><strong>TRAITEMENT:<\/strong>\u00a0demi-pension (petit-d\u00e9jeuner et diner)<\/p>\n<p><strong>DEPART:<\/strong> Libre<\/p>\n<p><strong>VALIDITE: <\/strong>Avril Mai Juin Juillet Ao\u00fbt Septembre Octobre 2015<\/p>\n<p>&nbsp;<\/p>\n<p><strong>A PARTIR DE \u20ac *<\/strong>\u00a0360\u20ac (par personne en chambre double) \/330 \u20ac (par personne en chambre de 3) \/310 \u20ac (par personne en chambre de 4) \/ tarif enfant jusqu\u2019\u00e0 6 ans 280 \u20ac<\/p>\n<p><strong>MINIMUM:<\/strong>\u00a08 personnes<\/p>\n<p>&nbsp;<\/p>\n<p><strong>DESCRIPTION BREVE <\/strong><\/p>\n<p>Tour culturel visant \u00e0 d\u00e9couvrir l\u2019histoire et le paysage vernaculaire, \u00e0 travers la visite guid\u00e9e des lieux historiques et paysagers d\u2019int\u00e9r\u00eats majeurs dans les environs de notre \u00e9tablissement ( San Severino Marche (centre)- Grottes de Sant&#8217;Eustachio &#8211; Camerino &#8211; Lame Rosse \u2013 Elcito &#8211; Monte San Vicino &#8211; Matelica).<\/p>\n<p>D\u00e9gustation oenogastronomique de la cuisine typique locale au sein de notre structure d\u2019agritourisme.<\/p>\n<p><strong>PROGRAMME:<\/strong><\/p>\n<p><span lang=\"ES\" style=\"font-family: 'Calibri','sans-serif';\"><strong>1. Arriv\u00e9e<\/strong> \u00e0 San Severino Marche (MC) JEUDI en fin d\u2019apr\u00e8s-midi. Diner typique et premi\u00e8re nuit dans l\u2019\u00e9tablissement.<\/span><\/p>\n<p><span lang=\"ES\" style=\"font-family: 'Calibri','sans-serif';\"><strong>2.\u00a0Vendredi<\/strong><\/span><\/p>\n<p><em><span style=\"text-decoration: underline;\"><span lang=\"ES\" style=\"font-family: 'Calibri','sans-serif';\">Matin<\/span><\/span><\/em><span lang=\"ES\" style=\"font-family: 'Calibri','sans-serif';\">: Petit-d\u00e9jeuner sur place \/ Visite du Mus\u00e9e Arch\u00e9ologique \u201cMoretti\u201d\/du D\u00f4me du Ch\u00e2teau en haut du Mont \/ de la Basilique de S.Lorenzo (art roman) \/ de la Pinacoth\u00e8que \/ de la Place du Peuple (Th\u00e9\u00e2tre Feronia)<\/span><\/p>\n<p><span lang=\"ES\" style=\"font-family: 'Calibri','sans-serif';\">D\u00e9jeuner \u00e0 la charge du visiteur dans les structures conventionn\u00e9es sur place (suggestion).<\/span><\/p>\n<p><em><span style=\"text-decoration: underline;\"><span lang=\"ES\" style=\"font-family: 'Calibri','sans-serif';\">Apr\u00e8s-midi<\/span><\/span><\/em><span lang=\"ES\" style=\"font-family: 'Calibri','sans-serif';\">: Excursion aux Grottes de Sant&#8217;Eustachio (avec reconnaissance des essences herbeuses).<\/span><\/p>\n<p><span lang=\"ES\" style=\"font-family: 'Calibri','sans-serif';\">Visite du man\u00e8ge (facultatif: prix 20\u20ac pour 1h \/ 30\u20ac per 2h)<\/span><\/p>\n<p><span lang=\"ES\" style=\"font-family: 'Calibri','sans-serif';\">Retour \u00e0 San Severino Marche. Diner typique et nuit au sein de notre \u00e9tablissement.<\/span><\/p>\n<p><span lang=\"ES\" style=\"font-family: 'Calibri','sans-serif';\"><strong>3. Samedi<\/strong><\/span><\/p>\n<p><span style=\"text-decoration: underline;\"><span lang=\"ES\" style=\"font-family: 'Calibri','sans-serif';\"><em>Matin:<\/em><\/span><\/span><span lang=\"ES\" style=\"font-family: 'Calibri','sans-serif';\">\u00a0Petit-d\u00e9jeuner sur place. Randonn\u00e9e avec le guide du parc de Fiastra, visite du lac, excursion aux Lame Rosse. Visite du parc aventure du Lac de Fiastra (facultatif prix non compris)<\/span><\/p>\n<p><span lang=\"ES\" style=\"font-family: 'Calibri','sans-serif';\">D\u00e9jeuner \u00e0 la charge du visiteur.<\/span><\/p>\n<p><em><span style=\"text-decoration: underline;\"><span lang=\"ES\" style=\"font-family: 'Calibri','sans-serif';\">Apr\u00e8s-midi:\u00a0<\/span><\/span><\/em><span lang=\"ES\" style=\"font-family: 'Calibri','sans-serif';\">Visite de San Giusto \u00e0 San Maroto (Pievebovigliana). Visite guid\u00e9e de la ville de Camerino: Pinacoth\u00e8que \/ Palais Ducal \/ La Forteresse \/ Basilique de San Venanzio (Forteresse Varano).<\/span><\/p>\n<p><span lang=\"ES\" style=\"font-family: 'Calibri','sans-serif';\">Retour \u00e0 San Severino Marche et Ap\u00e9ritif avec D\u00e9gustation des vins typique des lieux \u201cSeven Hills\u201d(\u00e0 charge du visiteur, r\u00e9duction 10% pour un montant minimum de 20.00 \u20ac).<\/span><\/p>\n<p><span lang=\"ES\" style=\"font-family: 'Calibri','sans-serif';\">Diner typique et nuit au sein de notre \u00e9tablissement.<\/span><\/p>\n<p><span lang=\"ES\" style=\"font-family: 'Calibri','sans-serif';\"><strong>4. Dimanche<\/strong><\/span><\/p>\n<p><em><span style=\"text-decoration: underline;\"><span lang=\"ES\" style=\"font-family: 'Calibri','sans-serif';\">Matin:<\/span><\/span><\/em><span lang=\"ES\" style=\"font-family: 'Calibri','sans-serif';\">\u00a0Petit-d\u00e9jeuner sur place .Visite de l\u2019 Elcito, Pian dell&#8217;Elmo, Canfaito , excursion guid\u00e9e du Mont San Vicino.<\/span><\/p>\n<p><span lang=\"ES\" style=\"font-family: 'Calibri','sans-serif';\">D\u00e9jeuner \u00e0 la charge du visiteur.<\/span><\/p>\n<p><span style=\"text-decoration: underline;\"><span lang=\"ES\" style=\"font-family: 'Calibri','sans-serif'; color: black;\"><em>Apr\u00e8s-midi:<\/em><\/span><\/span><span lang=\"ES\" style=\"font-family: 'Calibri','sans-serif'; color: black;\">\u00a0Visite guid\u00e9e de la ville de Matelica: Place Enrico Mattei \/ Cath\u00e9drale de Santa Maria Assunta\/ Mus\u00e9e Piersanti \/ Th\u00e9\u00e2tre Piermarini \/ Mus\u00e9e Arch\u00e9ologique \/Palais Ottoni.<\/span><\/p>\n<p><span lang=\"ES\" style=\"font-family: 'Calibri','sans-serif';\">Visite de l\u2019\u0153noth\u00e8que de Matelica avec d\u00e9gustation du Verdicchio.<\/span><\/p>\n<p><span lang=\"ES\" style=\"font-family: 'Calibri','sans-serif';\">Retour \u00e0 San Severino Marche. Diner typique et nuit au sein de notre \u00e9tablissement.<\/span><\/p>\n<p><span lang=\"ES\" style=\"font-family: 'Calibri','sans-serif';\"><strong>5. Lundi<\/strong><\/span><\/p>\n<p><em><span style=\"text-decoration: underline;\"><span lang=\"ES\" style=\"font-family: 'Calibri','sans-serif';\">Matin:<\/span><\/span><\/em><span lang=\"ES\" style=\"font-family: 'Calibri','sans-serif';\">\u00a0Petit-d\u00e9jeuner sur place, d\u00e9part du visiteur.<\/span><\/p>\n<p><strong>\u00a0<\/strong><\/p>\n<p><strong>Le prix comprend<\/strong><\/p>\n<p>4 Petit-d\u00e9jeuners\/4 Diners \/4 Nuits\/D\u00e9placements\/Visites guid\u00e9es (touristique et du parc)<\/p>\n<p><strong>Le prix ne comprend pas<br \/>\n<\/strong>les d\u00e9jeuners \/les entr\u00e9es aux mus\u00e9es \/les d\u00e9gustations dans les structures<\/p>\n<p>&nbsp;<\/p>\n<p><strong>Info utiles<\/strong><\/p>\n<p>Afin d\u2019assurer le bon d\u00e9roulement de l\u2019ensemble, merci de bien vouloir r\u00e9server au moins une semaine avant votre arriv\u00e9e.<\/p>\n<p><strong>Locanda dei Comacini<\/strong><\/p>\n<p>Etablissement d\u2019agritourisme familial<\/p>\n<p>Via San Francesco 2<\/p>\n<p>62027 San Severino Marche (MC)<\/p>\n<p>Cellulare: 3802519651<\/p>\n<p>L\u2019\u00e9tablissement se situe dans le centre historique de San Severino Marche, Ch\u00e2teau sur le Mont \u00e0 un point strat\u00e9gique entre nature et culture.<\/p>\n<p><strong>Nb. <\/strong>Si pour des raisons de m\u00e9t\u00e9o ou d\u2019emploi du temps, le g\u00e9rant ou le visiteur rencontrent des probl\u00e8mes d\u2019organisation dans le d\u00e9roulement de ce programme, l\u2019\u00e9tablissement se r\u00e9serve le droit de changer l\u2019ordre de d\u00e9roulement des visites pr\u00e9vues ou d\u2019y apposer des variations afin d\u2019en assurer la bonne conduite, apr\u00e8s communication entre les deux parties.<\/p>\n<p>&nbsp;<\/p>\n<p>En collaboration avec:<\/p>\n<p><img loading=\"lazy\" class=\"alignleft wp-image-425 size-full\" src=\"http:\/\/locandadeicomacini.it\/wp-content\/uploads\/2015\/03\/MarcaVillage.jpg\" alt=\"Marca Village\" width=\"766\" height=\"183\" srcset=\"http:\/\/locandadeicomacini.it\/wp-content\/uploads\/2015\/03\/MarcaVillage.jpg 766w, http:\/\/locandadeicomacini.it\/wp-content\/uploads\/2015\/03\/MarcaVillage-300x72.jpg 300w, http:\/\/locandadeicomacini.it\/wp-content\/uploads\/2015\/03\/MarcaVillage-100x24.jpg 100w, http:\/\/locandadeicomacini.it\/wp-content\/uploads\/2015\/03\/MarcaVillage-322x77.jpg 322w\" sizes=\"(max-width: 766px) 100vw, 766px\" \/><\/p>\n<p>&nbsp;<\/p>\n<p>&nbsp;<\/p>\n","protected":false},"excerpt":{"rendered":"<p>Week-end Nature et Culture Tour culturel, du paysage et de l\u2019oenogastronomie &nbsp; O\u00d9: Marche \/ Macerata San Severino Marche (centre)- Grottes de Sant&#8217;Eustachio &#8211; Camerino <\/p>\n<p><a href=\"http:\/\/locandadeicomacini.it\/fr\/tour-culturale-week-end-natura-e-cultura\/\" class=\"button2\">Read More &raquo;<\/a><\/p>\n","protected":false},"author":1,"featured_media":0,"parent":0,"menu_order":0,"comment_status":"closed","ping_status":"open","template":"","meta":[],"yoast_head":"<!-- This site is optimized with the Yoast SEO plugin v16.9 - https:\/\/yoast.com\/wordpress\/plugins\/seo\/ -->\n<meta name=\"description\" content=\"Tour culturel du paysage et de l\u2019oenogastronomie(rabais voyage)S. Severino M. Grottes de Sant\u2019Eustachio Camerino Lame Rosse Elcito Mont San Vicino Matelica.\" \/>\n<meta name=\"robots\" content=\"index, follow, max-snippet:-1, max-image-preview:large, max-video-preview:-1\" \/>\n<link rel=\"canonical\" href=\"http:\/\/locandadeicomacini.it\/fr\/tour-culturale-week-end-natura-e-cultura\/\" \/>\n<meta property=\"og:locale\" content=\"fr_FR\" \/>\n<meta property=\"og:type\" content=\"article\" \/>\n<meta property=\"og:title\" content=\"Tour Week-end Nature et Culture (rabais voyage) - La locanda dei Comacini\" \/>\n<meta property=\"og:description\" content=\"Tour culturel du paysage et de l\u2019oenogastronomie(rabais voyage)S. Severino M. Grottes de Sant\u2019Eustachio Camerino Lame Rosse Elcito Mont San Vicino Matelica.\" \/>\n<meta property=\"og:url\" content=\"http:\/\/locandadeicomacini.it\/fr\/tour-culturale-week-end-natura-e-cultura\/\" \/>\n<meta property=\"og:site_name\" content=\"La locanda dei Comacini\" \/>\n<meta property=\"article:modified_time\" content=\"2015-05-31T21:44:05+00:00\" \/>\n<meta property=\"og:image\" content=\"http:\/\/locandadeicomacini.it\/wp-content\/uploads\/2015\/03\/MarcaVillage.jpg\" \/>\n<meta name=\"twitter:label1\" content=\"Dur\u00e9e de lecture est.\" \/>\n\t<meta name=\"twitter:data1\" content=\"3 minutes\" \/>\n<script type=\"application\/ld+json\" class=\"yoast-schema-graph\">{\"@context\":\"https:\/\/schema.org\",\"@graph\":[{\"@type\":\"WebSite\",\"@id\":\"http:\/\/locandadeicomacini.it\/it\/#website\",\"url\":\"http:\/\/locandadeicomacini.it\/it\/\",\"name\":\"La locanda dei Comacini\",\"description\":\"Agriturismo San Severino Marche\",\"potentialAction\":[{\"@type\":\"SearchAction\",\"target\":{\"@type\":\"EntryPoint\",\"urlTemplate\":\"http:\/\/locandadeicomacini.it\/it\/?s={search_term_string}\"},\"query-input\":\"required name=search_term_string\"}],\"inLanguage\":\"fr-FR\"},{\"@type\":\"ImageObject\",\"@id\":\"http:\/\/locandadeicomacini.it\/fr\/tour-culturale-week-end-natura-e-cultura\/#primaryimage\",\"inLanguage\":\"fr-FR\",\"url\":\"http:\/\/locandadeicomacini.it\/wp-content\/uploads\/2015\/03\/MarcaVillage.jpg\",\"contentUrl\":\"http:\/\/locandadeicomacini.it\/wp-content\/uploads\/2015\/03\/MarcaVillage.jpg\",\"width\":766,\"height\":183,\"caption\":\"Marca Village\"},{\"@type\":\"WebPage\",\"@id\":\"http:\/\/locandadeicomacini.it\/fr\/tour-culturale-week-end-natura-e-cultura\/#webpage\",\"url\":\"http:\/\/locandadeicomacini.it\/fr\/tour-culturale-week-end-natura-e-cultura\/\",\"name\":\"Tour Week-end Nature et Culture (rabais voyage) - La locanda dei Comacini\",\"isPartOf\":{\"@id\":\"http:\/\/locandadeicomacini.it\/it\/#website\"},\"primaryImageOfPage\":{\"@id\":\"http:\/\/locandadeicomacini.it\/fr\/tour-culturale-week-end-natura-e-cultura\/#primaryimage\"},\"datePublished\":\"2015-03-12T17:53:12+00:00\",\"dateModified\":\"2015-05-31T21:44:05+00:00\",\"description\":\"Tour culturel du paysage et de l\\u2019oenogastronomie(rabais voyage)S. Severino M. Grottes de Sant\\u2019Eustachio Camerino Lame Rosse Elcito Mont San Vicino Matelica.\",\"breadcrumb\":{\"@id\":\"http:\/\/locandadeicomacini.it\/fr\/tour-culturale-week-end-natura-e-cultura\/#breadcrumb\"},\"inLanguage\":\"fr-FR\",\"potentialAction\":[{\"@type\":\"ReadAction\",\"target\":[\"http:\/\/locandadeicomacini.it\/fr\/tour-culturale-week-end-natura-e-cultura\/\"]}]},{\"@type\":\"BreadcrumbList\",\"@id\":\"http:\/\/locandadeicomacini.it\/fr\/tour-culturale-week-end-natura-e-cultura\/#breadcrumb\",\"itemListElement\":[{\"@type\":\"ListItem\",\"position\":1,\"name\":\"Home\",\"item\":\"http:\/\/locandadeicomacini.it\/fr\/\"},{\"@type\":\"ListItem\",\"position\":2,\"name\":\"Tour Week-end Nature et Culture (rabais voyage)\"}]}]}<\/script>\n<!-- \/ Yoast SEO plugin. -->","yoast_head_json":{"description":"Tour culturel du paysage et de l\u2019oenogastronomie(rabais voyage)S. Severino M. Grottes de Sant\u2019Eustachio Camerino Lame Rosse Elcito Mont San Vicino Matelica.","robots":{"index":"index","follow":"follow","max-snippet":"max-snippet:-1","max-image-preview":"max-image-preview:large","max-video-preview":"max-video-preview:-1"},"canonical":"http:\/\/locandadeicomacini.it\/fr\/tour-culturale-week-end-natura-e-cultura\/","og_locale":"fr_FR","og_type":"article","og_title":"Tour Week-end Nature et Culture (rabais voyage) - La locanda dei Comacini","og_description":"Tour culturel du paysage et de l\u2019oenogastronomie(rabais voyage)S. Severino M. Grottes de Sant\u2019Eustachio Camerino Lame Rosse Elcito Mont San Vicino Matelica.","og_url":"http:\/\/locandadeicomacini.it\/fr\/tour-culturale-week-end-natura-e-cultura\/","og_site_name":"La locanda dei Comacini","article_modified_time":"2015-05-31T21:44:05+00:00","og_image":[{"url":"http:\/\/locandadeicomacini.it\/wp-content\/uploads\/2015\/03\/MarcaVillage.jpg"}],"twitter_misc":{"Dur\u00e9e de lecture est.":"3 minutes"},"schema":{"@context":"https:\/\/schema.org","@graph":[{"@type":"WebSite","@id":"http:\/\/locandadeicomacini.it\/it\/#website","url":"http:\/\/locandadeicomacini.it\/it\/","name":"La locanda dei Comacini","description":"Agriturismo San Severino Marche","potentialAction":[{"@type":"SearchAction","target":{"@type":"EntryPoint","urlTemplate":"http:\/\/locandadeicomacini.it\/it\/?s={search_term_string}"},"query-input":"required name=search_term_string"}],"inLanguage":"fr-FR"},{"@type":"ImageObject","@id":"http:\/\/locandadeicomacini.it\/fr\/tour-culturale-week-end-natura-e-cultura\/#primaryimage","inLanguage":"fr-FR","url":"http:\/\/locandadeicomacini.it\/wp-content\/uploads\/2015\/03\/MarcaVillage.jpg","contentUrl":"http:\/\/locandadeicomacini.it\/wp-content\/uploads\/2015\/03\/MarcaVillage.jpg","width":766,"height":183,"caption":"Marca Village"},{"@type":"WebPage","@id":"http:\/\/locandadeicomacini.it\/fr\/tour-culturale-week-end-natura-e-cultura\/#webpage","url":"http:\/\/locandadeicomacini.it\/fr\/tour-culturale-week-end-natura-e-cultura\/","name":"Tour Week-end Nature et Culture (rabais voyage) - La locanda dei Comacini","isPartOf":{"@id":"http:\/\/locandadeicomacini.it\/it\/#website"},"primaryImageOfPage":{"@id":"http:\/\/locandadeicomacini.it\/fr\/tour-culturale-week-end-natura-e-cultura\/#primaryimage"},"datePublished":"2015-03-12T17:53:12+00:00","dateModified":"2015-05-31T21:44:05+00:00","description":"Tour culturel du paysage et de l\u2019oenogastronomie(rabais voyage)S. Severino M. Grottes de Sant\u2019Eustachio Camerino Lame Rosse Elcito Mont San Vicino Matelica.","breadcrumb":{"@id":"http:\/\/locandadeicomacini.it\/fr\/tour-culturale-week-end-natura-e-cultura\/#breadcrumb"},"inLanguage":"fr-FR","potentialAction":[{"@type":"ReadAction","target":["http:\/\/locandadeicomacini.it\/fr\/tour-culturale-week-end-natura-e-cultura\/"]}]},{"@type":"BreadcrumbList","@id":"http:\/\/locandadeicomacini.it\/fr\/tour-culturale-week-end-natura-e-cultura\/#breadcrumb","itemListElement":[{"@type":"ListItem","position":1,"name":"Home","item":"http:\/\/locandadeicomacini.it\/fr\/"},{"@type":"ListItem","position":2,"name":"Tour Week-end Nature et Culture (rabais voyage)"}]}]}},"_links":{"self":[{"href":"http:\/\/locandadeicomacini.it\/fr\/wp-json\/wp\/v2\/pages\/461\/"}],"collection":[{"href":"http:\/\/locandadeicomacini.it\/fr\/wp-json\/wp\/v2\/pages\/"}],"about":[{"href":"http:\/\/locandadeicomacini.it\/fr\/wp-json\/wp\/v2\/types\/page\/"}],"author":[{"embeddable":true,"href":"http:\/\/locandadeicomacini.it\/fr\/wp-json\/wp\/v2\/users\/1\/"}],"replies":[{"embeddable":true,"href":"http:\/\/locandadeicomacini.it\/fr\/wp-json\/wp\/v2\/comments\/?post=461"}],"version-history":[{"count":6,"href":"http:\/\/locandadeicomacini.it\/fr\/wp-json\/wp\/v2\/pages\/461\/revisions\/"}],"predecessor-version":[{"id":1058,"href":"http:\/\/locandadeicomacini.it\/fr\/wp-json\/wp\/v2\/pages\/461\/revisions\/1058\/"}],"wp:attachment":[{"href":"http:\/\/locandadeicomacini.it\/fr\/wp-json\/wp\/v2\/media\/?parent=461"}],"curies":[{"name":"wp","href":"https:\/\/api.w.org\/{rel}","templated":true}]}}